{"id":5513,"date":"2018-10-26T20:00:36","date_gmt":"2018-10-26T20:00:36","guid":{"rendered":"http:\/\/tramacultura.org\/?page_id=5513"},"modified":"2023-03-23T12:56:46","modified_gmt":"2023-03-23T12:56:46","slug":"fem-teatre","status":"publish","type":"page","link":"https:\/\/tramacultura.org\/?page_id=5513","title":{"rendered":"FEM TEATRE"},"content":{"rendered":"<p style=\"text-align: justify;\">\n<p><img loading=\"lazy\" decoding=\"async\" class=\"alignnone size-full wp-image-5790\" src=\"https:\/\/tramacultura.org\/wp-content\/uploads\/2013\/07\/unnamed1.jpg\" alt=\"\" width=\"1024\" height=\"429\" srcset=\"https:\/\/tramacultura.org\/wp-content\/uploads\/2013\/07\/unnamed1.jpg 1024w, https:\/\/tramacultura.org\/wp-content\/uploads\/2013\/07\/unnamed1-300x126.jpg 300w, https:\/\/tramacultura.org\/wp-content\/uploads\/2013\/07\/unnamed1-768x322.jpg 768w, https:\/\/tramacultura.org\/wp-content\/uploads\/2013\/07\/unnamed1-700x293.jpg 700w, https:\/\/tramacultura.org\/wp-content\/uploads\/2013\/07\/unnamed1-332x139.jpg 332w\" sizes=\"auto, (max-width: 1024px) 100vw, 1024px\" \/><\/p>\n<p style=\"text-align: justify;\">A trav\u00e9s d\u2019espectacles teatrals i debats participatius amb les actrius i actors participants, reflexionem sobre problem\u00e0tiques socials. Amb diferents t\u00e8cniques del teatre dels i les oprimides, explorem col\u00b7lectivament i de manera creativa les diferents opressions i discriminacions que ens envolten per trobar eines i recursos que ens ajudin a combatre-les.<\/p>\n<p style=\"text-align: justify;\">Espectacles, tallers i projectes teatrals dirigits al p\u00fablic general o a col\u00b7lectius espec\u00edfics com infants, fam\u00edlies, joves, dones o gent gran. A disposici\u00f3 de grups, entitats i equipaments de Catalunya.<\/p>\n<p><span style=\"color: #ffffff;\">.<\/span><\/p>\n<p><span style=\"color: #ff0000;\"><strong># El\u00a0viatge\u00a0al\u00a0m\u00f3n\u00a0dels\u00a0contes!\u00a0Espectacle<\/strong><\/span><\/p>\n<div>\n<div style=\"text-align: left;\">A l\u2019\u00c0lex i a la Berta no els agraden els contes que coneixen i decideixen crear-ne de nous. Per fer-ho, viatjaran al m\u00f3n dels contes, on coneixeran els personatges de les hist\u00f2ries i els explicaran una altra versi\u00f3 del seu conte. Tenia por, Sant Jordi, quan es va enfrontar al drac? Est\u00e0 contenta la princesa quan ha de fer sola les tasques de la llar? Acompanya\u2019ns en aquest viatge m\u00e0gic al m\u00f3n dels contes i ajuda l\u2019\u00c0lex i la Berta a crear-ne un de nou!<\/div>\n<div><\/div>\n<div><a href=\"https:\/\/tramacultura.org\/?page_id=5608\">+ informaci\u00f3<\/a><\/div>\n<\/div>\n<div><\/div>\n<p style=\"text-align: justify;\"><span style=\"color: #ffffff;\">.<\/span><\/p>\n<p style=\"text-align: justify;\"><span style=\"color: #ff0000;\"><span style=\"font-weight: 600;\"># Actuem! Teatre per la igualtat<\/span><\/span><\/p>\n<p style=\"text-align: justify;\"><span style=\"color: #222222;\">A trav\u00e9s de les diferents t\u00e8cniques i jocs teatrals que ens ofereix el teatre dels i les oprimides, treballarem situacions de conflicte relacionades amb la viol\u00e8ncia de g\u00e8nere: les relacions sexo-afectives, la depend\u00e8ncia emocional i l\u2019ab\u00fas, les viol\u00e8ncies corporals i els rols de g\u00e8nere entre d\u2019altres. Aprendrem a detectar les situacions d\u2019injust\u00edcia, diferenciarem les relacions abusives de les relacions lliures i equitatives, i aprendrem a gestionar i resoldre conflictes.<\/span><\/p>\n<p><span style=\"color: #ffffff;\">.<\/span><\/p>\n<p><span style=\"color: #ff0000;\"><strong># Aix\u00f2 \u00e9s amor? Teatref\u00f2rum<\/strong><\/span><\/p>\n<p><span style=\"font-weight: 400;\">Viatjarem a trav\u00e9s de la hist\u00f2ria d\u2019una parella i ho farem anant enrere en el temps fins als seus inicis per reflexionar i entendre all\u00f2 que els ha portat fins on s\u00f3n ara. Destaparem els mites de l\u2019amor rom\u00e0ntic, les viol\u00e8ncies quotidianes i invisibles, q\u00fcestionarem els rols de g\u00e8nere, identificarem les viol\u00e8ncies masclistes i actuarem per canviar la hist\u00f2ria.<\/span><\/p>\n<p><a href=\"https:\/\/tramacultura.org\/?page_id=5631\">+ informaci\u00f3<\/a><\/p>\n<p><span style=\"color: #ffffff;\">.<\/span><\/p>\n<p><strong><span style=\"color: #ff0000;\">#CanBIem la festa! Teatref\u00f2rum<\/span><\/strong><\/p>\n<p>La protagonista de la nostra hist\u00f2ria, la Carla, \u00e9s una noia bisexual que sent que ha anat a una festa on ning\u00fa l\u2019ha convidat. La festa d\u2019una societat que sovint juga a fer-nos triar entre dues opcions aparentment incompatibles per encaixar-nos en l\u2019ordre establert: platja o muntanya?, carn o peix?, home o dona? heterosexual o homosexual? Qui no s\u2019identifica amb cap d\u2019elles, sovint s\u2019enfronta a la incomprensi\u00f3 dels qui nom\u00e9s conceben un m\u00f3n binari.<\/p>\n<p><a href=\"https:\/\/tramacultura.org\/?page_id=6025\">+informaci\u00f3<\/a><\/p>\n<p><span style=\"color: #ffffff;\">.<\/span><\/p>\n<p><span style=\"color: #ff0000;\"><strong># L&#8217;armari de l&#8217;Oliver<\/strong><\/span><\/p>\n<p>L\u2019armari de l\u2019\u00d2liver presenta a trav\u00e9s del seu personatge principal les pors i inquietuds d\u2019un infant en plena exploraci\u00f3 de l\u2019expressi\u00f3 del seu g\u00e8nere. Davant el rebuig de l\u2019entorn per les coses amb qu\u00e8 li agrada jugar, l\u2019\u00d2liver s\u2019amaga dins l\u2019armari on trobar\u00e0 una s\u00e8rie de personatges que li explicaran la seva experi\u00e8ncia i dificultats a l\u2019hora de viure identitats, expressions de g\u00e8nere i orientacions del desig no normatives.<\/p>\n<p><a href=\"https:\/\/tramacultura.org\/wp-admin\/post.php?post=6180&amp;action=edit\">+informaci\u00f3<\/a><\/p>\n<p style=\"text-align: justify;\"><span style=\"color: #ffffff;\">.<\/span><\/p>\n<p style=\"text-align: justify;\"><span style=\"font-weight: 600;\"><span style=\"color: #ff0000;\"># Vindicacions<\/span><\/span><\/p>\n<p style=\"text-align: justify;\">A trav\u00e9s de dos personatges molt diferents entre si ens endinsarem en les diferents discriminacions i desigualtats de g\u00e8nere tot barrejant l\u2019humor, el drama i l\u2019an\u00e0lisi cr\u00edtica. Valent-nos de diferents formats (com la poesia, els mon\u00f2legs, les escenes teatrals i els sketchs) prendrem la veu de dones d\u2019ara, d\u2019abans i d\u2019arreu, escoltarem les seves vindicacions i \u00a0reflexionarem col\u00b7lectivament sobre els lligams entre els rols i les estructures de poder.<\/p>\n<p><a href=\"https:\/\/tramacultura.org\/?page_id=5637\">+ informaci\u00f3<\/a><\/p>\n","protected":false},"excerpt":{"rendered":"<p>A trav\u00e9s d\u2019espectacles teatrals i debats participatius amb les actrius i actors participants, reflexionem sobre problem\u00e0tiques socials. Amb diferents t\u00e8cniques del teatre dels i les oprimides, explorem col\u00b7lectivament i de manera creativa les diferents opressions i discriminacions que ens envolten per trobar eines i recursos que ens ajudin a combatre-les. &#8230;<\/p>\n","protected":false},"author":1,"featured_media":0,"parent":0,"menu_order":0,"comment_status":"closed","ping_status":"closed","template":"","meta":{"footnotes":""},"class_list":["post-5513","page","type-page","status-publish","hentry","column","threecol"],"_links":{"self":[{"href":"https:\/\/tramacultura.org\/index.php?rest_route=\/wp\/v2\/pages\/5513","targetHints":{"allow":["GET"]}}],"collection":[{"href":"https:\/\/tramacultura.org\/index.php?rest_route=\/wp\/v2\/pages"}],"about":[{"href":"https:\/\/tramacultura.org\/index.php?rest_route=\/wp\/v2\/types\/page"}],"author":[{"embeddable":true,"href":"https:\/\/tramacultura.org\/index.php?rest_route=\/wp\/v2\/users\/1"}],"replies":[{"embeddable":true,"href":"https:\/\/tramacultura.org\/index.php?rest_route=%2Fwp%2Fv2%2Fcomments&post=5513"}],"version-history":[{"count":10,"href":"https:\/\/tramacultura.org\/index.php?rest_route=\/wp\/v2\/pages\/5513\/revisions"}],"predecessor-version":[{"id":6200,"href":"https:\/\/tramacultura.org\/index.php?rest_route=\/wp\/v2\/pages\/5513\/revisions\/6200"}],"wp:attachment":[{"href":"https:\/\/tramacultura.org\/index.php?rest_route=%2Fwp%2Fv2%2Fmedia&parent=5513"}],"curies":[{"name":"wp","href":"https:\/\/api.w.org\/{rel}","templated":true}]}}