{"id":5067,"date":"2017-05-28T18:45:01","date_gmt":"2017-05-28T18:45:01","guid":{"rendered":"http:\/\/tramacultura.org\/?page_id=5067"},"modified":"2021-05-07T10:27:12","modified_gmt":"2021-05-07T10:27:12","slug":"humanitats","status":"publish","type":"page","link":"https:\/\/tramacultura.org\/?page_id=5067","title":{"rendered":"LA CIGALA I LA FORMIGA VAN A COMPRAR"},"content":{"rendered":"\n<p><em>La Cigala i la Formiga van a comprar<\/em>, \u00e9s una activitat educativa de promoci\u00f3 dels drets i deures de les persones consumidores en la que, a trav\u00e9s del teatre, els contes, el joc i el di\u00e0leg, s\u2019apropa als infants als valors, pr\u00e0ctiques i experi\u00e8ncies inspiradores del consum responsable, de forma global i concreta. S\u2019empraran les t\u00e8cniques del pretext dram\u00e0tic, la dramatitzaci\u00f3 d\u2019escenes (role play o la improvisaci\u00f3), i s&#8217;utilitzaran d\u2019exemple productes i serveis d\u2019\u00fas quotidi\u00e0 i familiar (aliments, roba, joguines, contes, videojocs i aplicacions electr\u00f2niques, etc.).\n\n<\/p>\n\n\n\n<div class=\"wp-block-image\"><figure class=\"aligncenter is-resized\"><img loading=\"lazy\" decoding=\"async\" src=\"http:\/\/tramacultura.org\/w\/wp-content\/uploads\/2021\/05\/Cigala-i-Formiga_3-1024x683.jpg\" alt=\"\" class=\"wp-image-5969\" width=\"439\" height=\"292\" srcset=\"https:\/\/tramacultura.org\/wp-content\/uploads\/2021\/05\/Cigala-i-Formiga_3-1024x683.jpg 1024w, https:\/\/tramacultura.org\/wp-content\/uploads\/2021\/05\/Cigala-i-Formiga_3-300x200.jpg 300w, https:\/\/tramacultura.org\/wp-content\/uploads\/2021\/05\/Cigala-i-Formiga_3-768x512.jpg 768w, https:\/\/tramacultura.org\/wp-content\/uploads\/2021\/05\/Cigala-i-Formiga_3-700x467.jpg 700w, https:\/\/tramacultura.org\/wp-content\/uploads\/2021\/05\/Cigala-i-Formiga_3-332x221.jpg 332w\" sizes=\"auto, (max-width: 439px) 100vw, 439px\" \/><figcaption><em>Imatge de La Cigala i la Formiga<\/em><\/figcaption><\/figure><\/div>\n\n\n\n<p class=\"has-text-color has-background has-very-dark-gray-color has-light-green-cyan-background-color\"><strong>Objectius<\/strong><\/p>\n\n\n\n<p><\/p>\n\n\n\n<ul class=\"wp-block-list\"><li>Familiaritzar-nos amb la noci\u00f3 de consum en general i de consum responsable en particular.<\/li><\/ul>\n\n\n\n<ul class=\"wp-block-list\"><li>Potenciar una mirada cr\u00edtica sobre el m\u00f3n que ens envolta, analitzar les implicaciones \u00e8tiques, socials i naturals de la pr\u00f2pia conducta i del que passa al nostre voltant, prendre consci\u00e8ncia de les situacions d&#8217;injust\u00edcia social&nbsp; i de les causes que les provoquen, con\u00e8ixer els drets i deures individuals i col\u00b7lectius.<\/li><\/ul>\n\n\n\n<ul class=\"wp-block-list\"><li>Vincular el consum responsable a la resoluci\u00f3 justa i sostenible de desitjos i necessitats personals i col\u00b7lectius que promou el bon viure i permet posar la vida al centre. Contraposar-lo a un consum irresponsable, compulsiu i insolidari, desvinculat de les conseq\u00fc\u00e8ncies per la salut i el benestar de les persones i les comunitats i per la sostenibilitat dels ecosistemes.&nbsp;<\/li><\/ul>\n\n\n\n<ul class=\"wp-block-list\"><li>Analitzar la responsabilitat dels mitjans (publicitat, moda, manifestacions culturals)&nbsp; en la imposici\u00f3 de desitjos i necessitats sup\u00e8rflues i compulsives, i prendre consci\u00e8ncia de la manca d\u2019informaci\u00f3 sobre l\u2019origen, la producci\u00f3, les propietats, els efectes i els residus dels b\u00e9ns i serveis que consumim, els drets i deures de les persones consumidores i les alternatives de consum responsable.<\/li><\/ul>\n\n\n\n<ul class=\"wp-block-list\"><li>Reflexionar sobre l\u2019impacte i les conseq\u00fc\u00e8ncies socials i ambientals d\u2019un consum irresponsable: depend\u00e8ncia, insatisfacci\u00f3 i mala salut, explotaci\u00f3 i precarietat laboral, desigualtats i discriminacions socials i de g\u00e8nere, empobriment de les comunitats locals, desigualtat Nord-Sud, malbaratament de recursos, contaminaci\u00f3, destrucci\u00f3 d\u2019ecosistemes, propagaci\u00f3 de malalties i emerg\u00e8ncia clim\u00e0tica.&nbsp;&nbsp;<\/li><\/ul>\n\n\n\n<ul class=\"wp-block-list\"><li>Promoure l\u2019autoconeixement i la consci\u00e8ncia cr\u00edtica sobre l\u2019entorn, l\u2019autonomia i la corresponsabilitat, la identificaci\u00f3 i autogesti\u00f3 de les emocions, valors, necessitats i desitjos<em>&nbsp; <\/em>propis i aliens, personals i col\u00b7lectius, i la informaci\u00f3, curiositat i inter\u00e8s per formes de consum que permetin resoldre-les de manera \u00e8tica i sostenible. Descobrir alternatives de consum m\u00e9s justes i equitatives i con\u00e8ixer l\u2019impacte positiu del consum responsable en l\u2019\u00e0mbit social i ambiental.<\/li><\/ul>\n\n\n\n<ul class=\"wp-block-list\"><li>Fomentar l\u2019adquisici\u00f3 d\u2019h\u00e0bits de consum responsable, ajustats als desitjos, necessitats i circumst\u00e0ncies personals (poder adquisitiu, situaci\u00f3 personal i familiar, condici\u00f3 f\u00edsica i estat de salut, etc.) i a les de la comunitat i l\u2019entorn (adequaci\u00f3 entre mitjans i finalitats, possibilitat d\u2019acc\u00e9s equitatiu de la resta de la poblaci\u00f3 als mateixos b\u00e9ns i serveis, sostenibilitat social, ambiental i de g\u00e8nere, etc.).&nbsp;&nbsp;&nbsp;&nbsp;&nbsp;&nbsp;&nbsp;&nbsp;<\/li><\/ul>\n\n\n\n<ul class=\"wp-block-list\"><li>Estimular el pensament cr\u00edtic, el comprom\u00eds \u00e8tic, el respecte a la diversitat i la igualtat de drets, l\u2019empatia, el di\u00e0leg i la negociaci\u00f3, la solidaritat, l\u2019altruisme, la cooperaci\u00f3 i el servei a la comunitat en la presa de decisions personal i col\u00b7lectiva i en la prevenci\u00f3 i resoluci\u00f3 de conflictes, aix\u00ed com l\u2019inter\u00e8s, la implicaci\u00f3 activa i la creativitat en la cerca i ideaci\u00f3 d\u2019alternatives saludables, justes i sostenibles. <\/li><\/ul>\n\n\n\n<p class=\"has-background has-light-green-cyan-background-color\"><strong>Fitxa t\u00e8cnica de l\u2019activitat<\/strong><br><\/p>\n\n\n\n<p class=\"has-text-color has-very-dark-gray-color\"><strong>Persones destinat\u00e0ries:<\/strong> prim\u00e0ria (cicle mitj\u00e0 de prim\u00e0ria)<\/p>\n\n\n\n<p><strong>Durada: <\/strong>1h 30 minuts&nbsp;<\/p>\n\n\n\n<p><strong>Necessitats t\u00e8cniques:<\/strong> Sala di\u00e0fana lliure de taules i cadires. Un projector amb connector a PC i altaveus.<\/p>\n\n\n\n<p><strong>Metodologia:<\/strong> Taller que inclou una petita representaci\u00f3 teatral, din\u00e0miques participatives i jocs teatrals (pretext dram\u00e0tic i role playing) i debat participatiu. .  <\/p>\n\n\n\n<p class=\"has-text-color has-background has-very-dark-gray-color has-light-green-cyan-background-color\"><strong>Imatges del taller \u00abLa Cigala i la Formiga van a comprar\u00bb realitzats a diferents escoles de la Prov\u00edncia de Barcelona<\/strong><\/p>\n\n\n\n<ul class=\"wp-block-gallery columns-3 is-cropped wp-block-gallery-1 is-layout-flex wp-block-gallery-is-layout-flex\"><li class=\"blocks-gallery-item\"><figure><img loading=\"lazy\" decoding=\"async\" width=\"1024\" height=\"768\" src=\"https:\/\/tramacultura.org\/w\/wp-content\/uploads\/2021\/05\/2021_04_14.-Escola-Les-Ferreries.-Palafolls-1024x768.jpg\" alt=\"\" data-id=\"5973\" data-link=\"https:\/\/tramacultura.org\/?attachment_id=5973\" class=\"wp-image-5973\" srcset=\"https:\/\/tramacultura.org\/wp-content\/uploads\/2021\/05\/2021_04_14.-Escola-Les-Ferreries.-Palafolls-1024x768.jpg 1024w, https:\/\/tramacultura.org\/wp-content\/uploads\/2021\/05\/2021_04_14.-Escola-Les-Ferreries.-Palafolls-300x225.jpg 300w, https:\/\/tramacultura.org\/wp-content\/uploads\/2021\/05\/2021_04_14.-Escola-Les-Ferreries.-Palafolls-768x576.jpg 768w, https:\/\/tramacultura.org\/wp-content\/uploads\/2021\/05\/2021_04_14.-Escola-Les-Ferreries.-Palafolls-700x525.jpg 700w, https:\/\/tramacultura.org\/wp-content\/uploads\/2021\/05\/2021_04_14.-Escola-Les-Ferreries.-Palafolls-332x249.jpg 332w\" sizes=\"auto, (max-width: 1024px) 100vw, 1024px\" \/><figcaption><em>Escola Les Ferreries. Palafolls<\/em><\/figcaption><\/figure><\/li><li class=\"blocks-gallery-item\"><figure><img loading=\"lazy\" decoding=\"async\" width=\"1024\" height=\"768\" src=\"https:\/\/tramacultura.org\/w\/wp-content\/uploads\/2021\/05\/2021_04_14.-Escola-Les-Ferreries.-Palafolls2-1024x768.jpg\" alt=\"\" data-id=\"5974\" data-link=\"https:\/\/tramacultura.org\/?attachment_id=5974\" class=\"wp-image-5974\" srcset=\"https:\/\/tramacultura.org\/wp-content\/uploads\/2021\/05\/2021_04_14.-Escola-Les-Ferreries.-Palafolls2-1024x768.jpg 1024w, https:\/\/tramacultura.org\/wp-content\/uploads\/2021\/05\/2021_04_14.-Escola-Les-Ferreries.-Palafolls2-300x225.jpg 300w, https:\/\/tramacultura.org\/wp-content\/uploads\/2021\/05\/2021_04_14.-Escola-Les-Ferreries.-Palafolls2-768x576.jpg 768w, https:\/\/tramacultura.org\/wp-content\/uploads\/2021\/05\/2021_04_14.-Escola-Les-Ferreries.-Palafolls2-700x525.jpg 700w, https:\/\/tramacultura.org\/wp-content\/uploads\/2021\/05\/2021_04_14.-Escola-Les-Ferreries.-Palafolls2-332x249.jpg 332w\" sizes=\"auto, (max-width: 1024px) 100vw, 1024px\" \/><figcaption><em>Escola Les Ferreries. Palafolls<\/em><\/figcaption><\/figure><\/li><li class=\"blocks-gallery-item\"><figure><img loading=\"lazy\" decoding=\"async\" width=\"1024\" height=\"768\" src=\"https:\/\/tramacultura.org\/w\/wp-content\/uploads\/2021\/05\/2021_04_14.-Escola-Les-Ferreries.-Palafolls3-1024x768.jpg\" alt=\"\" data-id=\"5975\" data-link=\"https:\/\/tramacultura.org\/?attachment_id=5975\" class=\"wp-image-5975\" srcset=\"https:\/\/tramacultura.org\/wp-content\/uploads\/2021\/05\/2021_04_14.-Escola-Les-Ferreries.-Palafolls3-1024x768.jpg 1024w, https:\/\/tramacultura.org\/wp-content\/uploads\/2021\/05\/2021_04_14.-Escola-Les-Ferreries.-Palafolls3-300x225.jpg 300w, https:\/\/tramacultura.org\/wp-content\/uploads\/2021\/05\/2021_04_14.-Escola-Les-Ferreries.-Palafolls3-768x576.jpg 768w, https:\/\/tramacultura.org\/wp-content\/uploads\/2021\/05\/2021_04_14.-Escola-Les-Ferreries.-Palafolls3-700x525.jpg 700w, https:\/\/tramacultura.org\/wp-content\/uploads\/2021\/05\/2021_04_14.-Escola-Les-Ferreries.-Palafolls3-332x249.jpg 332w\" sizes=\"auto, (max-width: 1024px) 100vw, 1024px\" \/><figcaption><em>Escola Les Ferreries. Palafolls<\/em><\/figcaption><\/figure><\/li><li class=\"blocks-gallery-item\"><figure><img loading=\"lazy\" decoding=\"async\" width=\"988\" height=\"1024\" src=\"https:\/\/tramacultura.org\/w\/wp-content\/uploads\/2021\/05\/2021_04_26.-Escola-La-Florida.-Santa-Perpetua-Mogoda-988x1024.jpeg\" alt=\"\" data-id=\"5976\" data-link=\"https:\/\/tramacultura.org\/?attachment_id=5976\" class=\"wp-image-5976\" srcset=\"https:\/\/tramacultura.org\/wp-content\/uploads\/2021\/05\/2021_04_26.-Escola-La-Florida.-Santa-Perpetua-Mogoda-988x1024.jpeg 988w, https:\/\/tramacultura.org\/wp-content\/uploads\/2021\/05\/2021_04_26.-Escola-La-Florida.-Santa-Perpetua-Mogoda-289x300.jpeg 289w, https:\/\/tramacultura.org\/wp-content\/uploads\/2021\/05\/2021_04_26.-Escola-La-Florida.-Santa-Perpetua-Mogoda-768x796.jpeg 768w, https:\/\/tramacultura.org\/wp-content\/uploads\/2021\/05\/2021_04_26.-Escola-La-Florida.-Santa-Perpetua-Mogoda-700x726.jpeg 700w, https:\/\/tramacultura.org\/wp-content\/uploads\/2021\/05\/2021_04_26.-Escola-La-Florida.-Santa-Perpetua-Mogoda-332x344.jpeg 332w, https:\/\/tramacultura.org\/wp-content\/uploads\/2021\/05\/2021_04_26.-Escola-La-Florida.-Santa-Perpetua-Mogoda.jpeg 1443w\" sizes=\"auto, (max-width: 988px) 100vw, 988px\" \/><figcaption><em>Escola La Florida. Santa Perpetua Mogoda<\/em><\/figcaption><\/figure><\/li><li class=\"blocks-gallery-item\"><figure><img loading=\"lazy\" decoding=\"async\" width=\"1024\" height=\"765\" src=\"https:\/\/tramacultura.org\/w\/wp-content\/uploads\/2021\/05\/2021_04_26.-Escola-La-Florida.-Santa-Perpetua-Mogoda2-1024x765.jpeg\" alt=\"\" data-id=\"5977\" data-link=\"https:\/\/tramacultura.org\/?attachment_id=5977\" class=\"wp-image-5977\" srcset=\"https:\/\/tramacultura.org\/wp-content\/uploads\/2021\/05\/2021_04_26.-Escola-La-Florida.-Santa-Perpetua-Mogoda2-1024x765.jpeg 1024w, https:\/\/tramacultura.org\/wp-content\/uploads\/2021\/05\/2021_04_26.-Escola-La-Florida.-Santa-Perpetua-Mogoda2-300x224.jpeg 300w, https:\/\/tramacultura.org\/wp-content\/uploads\/2021\/05\/2021_04_26.-Escola-La-Florida.-Santa-Perpetua-Mogoda2-768x574.jpeg 768w, https:\/\/tramacultura.org\/wp-content\/uploads\/2021\/05\/2021_04_26.-Escola-La-Florida.-Santa-Perpetua-Mogoda2-700x523.jpeg 700w, https:\/\/tramacultura.org\/wp-content\/uploads\/2021\/05\/2021_04_26.-Escola-La-Florida.-Santa-Perpetua-Mogoda2-332x248.jpeg 332w, https:\/\/tramacultura.org\/wp-content\/uploads\/2021\/05\/2021_04_26.-Escola-La-Florida.-Santa-Perpetua-Mogoda2.jpeg 1600w\" sizes=\"auto, (max-width: 1024px) 100vw, 1024px\" \/><figcaption><em>Escola La Florida. Santa Perpetua Mogoda<\/em><\/figcaption><\/figure><\/li><li class=\"blocks-gallery-item\"><figure><img loading=\"lazy\" decoding=\"async\" width=\"768\" height=\"1024\" src=\"https:\/\/tramacultura.org\/w\/wp-content\/uploads\/2021\/05\/2021_04_27.-Escola-Mireia.-Montgat-768x1024.jpeg\" alt=\"\" data-id=\"5979\" data-link=\"https:\/\/tramacultura.org\/?attachment_id=5979\" class=\"wp-image-5979\" srcset=\"https:\/\/tramacultura.org\/wp-content\/uploads\/2021\/05\/2021_04_27.-Escola-Mireia.-Montgat-768x1024.jpeg 768w, https:\/\/tramacultura.org\/wp-content\/uploads\/2021\/05\/2021_04_27.-Escola-Mireia.-Montgat-225x300.jpeg 225w, https:\/\/tramacultura.org\/wp-content\/uploads\/2021\/05\/2021_04_27.-Escola-Mireia.-Montgat-700x933.jpeg 700w, https:\/\/tramacultura.org\/wp-content\/uploads\/2021\/05\/2021_04_27.-Escola-Mireia.-Montgat-332x443.jpeg 332w, https:\/\/tramacultura.org\/wp-content\/uploads\/2021\/05\/2021_04_27.-Escola-Mireia.-Montgat.jpeg 1536w\" sizes=\"auto, (max-width: 768px) 100vw, 768px\" \/><figcaption><em>Escola Mireia. Montgat<\/em><\/figcaption><\/figure><\/li><li class=\"blocks-gallery-item\"><figure><img loading=\"lazy\" decoding=\"async\" width=\"768\" height=\"1024\" src=\"https:\/\/tramacultura.org\/w\/wp-content\/uploads\/2021\/05\/2021_04_27.-Escola-Mireia.-Montgat4-1-768x1024.jpeg\" alt=\"\" data-id=\"5982\" data-link=\"https:\/\/tramacultura.org\/?attachment_id=5982\" class=\"wp-image-5982\" srcset=\"https:\/\/tramacultura.org\/wp-content\/uploads\/2021\/05\/2021_04_27.-Escola-Mireia.-Montgat4-1-768x1024.jpeg 768w, https:\/\/tramacultura.org\/wp-content\/uploads\/2021\/05\/2021_04_27.-Escola-Mireia.-Montgat4-1-225x300.jpeg 225w, https:\/\/tramacultura.org\/wp-content\/uploads\/2021\/05\/2021_04_27.-Escola-Mireia.-Montgat4-1-700x933.jpeg 700w, https:\/\/tramacultura.org\/wp-content\/uploads\/2021\/05\/2021_04_27.-Escola-Mireia.-Montgat4-1-332x443.jpeg 332w, https:\/\/tramacultura.org\/wp-content\/uploads\/2021\/05\/2021_04_27.-Escola-Mireia.-Montgat4-1.jpeg 1536w\" sizes=\"auto, (max-width: 768px) 100vw, 768px\" \/><figcaption><em>Escola Mireia. Montgat<\/em><\/figcaption><\/figure><\/li><li class=\"blocks-gallery-item\"><figure><img loading=\"lazy\" decoding=\"async\" width=\"768\" height=\"1024\" src=\"https:\/\/tramacultura.org\/w\/wp-content\/uploads\/2021\/05\/2021_04_27.-Escola-Mireia.-Montgat4-768x1024.jpeg\" alt=\"\" data-id=\"5983\" data-link=\"https:\/\/tramacultura.org\/?attachment_id=5983\" class=\"wp-image-5983\" srcset=\"https:\/\/tramacultura.org\/wp-content\/uploads\/2021\/05\/2021_04_27.-Escola-Mireia.-Montgat4-768x1024.jpeg 768w, https:\/\/tramacultura.org\/wp-content\/uploads\/2021\/05\/2021_04_27.-Escola-Mireia.-Montgat4-225x300.jpeg 225w, https:\/\/tramacultura.org\/wp-content\/uploads\/2021\/05\/2021_04_27.-Escola-Mireia.-Montgat4-700x933.jpeg 700w, https:\/\/tramacultura.org\/wp-content\/uploads\/2021\/05\/2021_04_27.-Escola-Mireia.-Montgat4-332x443.jpeg 332w, https:\/\/tramacultura.org\/wp-content\/uploads\/2021\/05\/2021_04_27.-Escola-Mireia.-Montgat4.jpeg 1536w\" sizes=\"auto, (max-width: 768px) 100vw, 768px\" \/><figcaption><em>Escola Mireia. Montgat<\/em><\/figcaption><\/figure><\/li><li class=\"blocks-gallery-item\"><figure><img loading=\"lazy\" decoding=\"async\" width=\"768\" height=\"1024\" src=\"https:\/\/tramacultura.org\/w\/wp-content\/uploads\/2021\/05\/2021_04_27.-Escola-Mireia.-Montgat5-768x1024.jpeg\" alt=\"\" data-id=\"5984\" data-link=\"https:\/\/tramacultura.org\/?attachment_id=5984\" class=\"wp-image-5984\" srcset=\"https:\/\/tramacultura.org\/wp-content\/uploads\/2021\/05\/2021_04_27.-Escola-Mireia.-Montgat5-768x1024.jpeg 768w, https:\/\/tramacultura.org\/wp-content\/uploads\/2021\/05\/2021_04_27.-Escola-Mireia.-Montgat5-225x300.jpeg 225w, https:\/\/tramacultura.org\/wp-content\/uploads\/2021\/05\/2021_04_27.-Escola-Mireia.-Montgat5-700x933.jpeg 700w, https:\/\/tramacultura.org\/wp-content\/uploads\/2021\/05\/2021_04_27.-Escola-Mireia.-Montgat5-332x443.jpeg 332w, https:\/\/tramacultura.org\/wp-content\/uploads\/2021\/05\/2021_04_27.-Escola-Mireia.-Montgat5.jpeg 1536w\" sizes=\"auto, (max-width: 768px) 100vw, 768px\" \/><figcaption><em>Escola Mireia. Montgat<\/em><\/figcaption><\/figure><\/li><li class=\"blocks-gallery-item\"><figure><img loading=\"lazy\" decoding=\"async\" width=\"1024\" height=\"725\" src=\"https:\/\/tramacultura.org\/w\/wp-content\/uploads\/2021\/05\/2021_05_03.-Escola-Els-Aig\u00fcerols_Santa-Perp\u00e8tua-Mogoda1-1024x725.jpeg\" alt=\"\" data-id=\"5986\" data-link=\"https:\/\/tramacultura.org\/?attachment_id=5986\" class=\"wp-image-5986\" srcset=\"https:\/\/tramacultura.org\/wp-content\/uploads\/2021\/05\/2021_05_03.-Escola-Els-Aig\u00fcerols_Santa-Perp\u00e8tua-Mogoda1-1024x725.jpeg 1024w, https:\/\/tramacultura.org\/wp-content\/uploads\/2021\/05\/2021_05_03.-Escola-Els-Aig\u00fcerols_Santa-Perp\u00e8tua-Mogoda1-300x212.jpeg 300w, https:\/\/tramacultura.org\/wp-content\/uploads\/2021\/05\/2021_05_03.-Escola-Els-Aig\u00fcerols_Santa-Perp\u00e8tua-Mogoda1-768x543.jpeg 768w, https:\/\/tramacultura.org\/wp-content\/uploads\/2021\/05\/2021_05_03.-Escola-Els-Aig\u00fcerols_Santa-Perp\u00e8tua-Mogoda1-700x495.jpeg 700w, https:\/\/tramacultura.org\/wp-content\/uploads\/2021\/05\/2021_05_03.-Escola-Els-Aig\u00fcerols_Santa-Perp\u00e8tua-Mogoda1-332x235.jpeg 332w, https:\/\/tramacultura.org\/wp-content\/uploads\/2021\/05\/2021_05_03.-Escola-Els-Aig\u00fcerols_Santa-Perp\u00e8tua-Mogoda1.jpeg 1173w\" sizes=\"auto, (max-width: 1024px) 100vw, 1024px\" \/><figcaption><em>Escola Els Aig\u00fcerols. Santa Perp\u00e8tua Mogoda<\/em><\/figcaption><\/figure><\/li><li class=\"blocks-gallery-item\"><figure><img loading=\"lazy\" decoding=\"async\" width=\"1024\" height=\"808\" src=\"https:\/\/tramacultura.org\/w\/wp-content\/uploads\/2021\/05\/2021_05_03.-Escola-Els-Aig\u00fcerols_Santa-Perp\u00e8tua-Mogoda3-1024x808.jpeg\" alt=\"\" data-id=\"5988\" data-link=\"https:\/\/tramacultura.org\/?attachment_id=5988\" class=\"wp-image-5988\" srcset=\"https:\/\/tramacultura.org\/wp-content\/uploads\/2021\/05\/2021_05_03.-Escola-Els-Aig\u00fcerols_Santa-Perp\u00e8tua-Mogoda3-1024x808.jpeg 1024w, https:\/\/tramacultura.org\/wp-content\/uploads\/2021\/05\/2021_05_03.-Escola-Els-Aig\u00fcerols_Santa-Perp\u00e8tua-Mogoda3-300x237.jpeg 300w, https:\/\/tramacultura.org\/wp-content\/uploads\/2021\/05\/2021_05_03.-Escola-Els-Aig\u00fcerols_Santa-Perp\u00e8tua-Mogoda3-768x606.jpeg 768w, https:\/\/tramacultura.org\/wp-content\/uploads\/2021\/05\/2021_05_03.-Escola-Els-Aig\u00fcerols_Santa-Perp\u00e8tua-Mogoda3-700x552.jpeg 700w, https:\/\/tramacultura.org\/wp-content\/uploads\/2021\/05\/2021_05_03.-Escola-Els-Aig\u00fcerols_Santa-Perp\u00e8tua-Mogoda3-332x262.jpeg 332w, https:\/\/tramacultura.org\/wp-content\/uploads\/2021\/05\/2021_05_03.-Escola-Els-Aig\u00fcerols_Santa-Perp\u00e8tua-Mogoda3.jpeg 1736w\" sizes=\"auto, (max-width: 1024px) 100vw, 1024px\" \/><figcaption><em>Escola Els Aig\u00fcerols. Santa Perp\u00e8tua Mogoda<\/em><\/figcaption><\/figure><\/li><\/ul>\n\n\n\n<p class=\"has-text-color has-background has-very-dark-gray-color has-light-green-cyan-background-color\"> Podeu adre\u00e7ar les vostres consultes per complementar els coneixements obtinguts a l\u2019adre\u00e7a de correu electr\u00f2nic: <strong>trama@trama.coop<\/strong> <\/p>\n\n\n\n<p class=\"has-text-color has-background has-very-dark-gray-color has-very-light-gray-background-color\"><a href=\"https:\/\/www.diba.cat\/es\/web\/consum\">Web Servei de Suport a les Pol\u00edtiques de Consum (Diba)<\/a><\/p>\n\n\n\n<figure class=\"wp-block-embed-twitter wp-block-embed is-type-rich is-provider-twitter\"><div class=\"wp-block-embed__wrapper\">\n<a class=\"twitter-timeline\" data-width=\"660\" data-height=\"990\" data-dnt=\"true\" href=\"https:\/\/twitter.com\/ConsumDiba?ref_src=twsrc%5Etfw\">Tweets by ConsumDiba<\/a><script async src=\"https:\/\/platform.twitter.com\/widgets.js\" charset=\"utf-8\"><\/script>\n<\/div><\/figure>\n","protected":false},"excerpt":{"rendered":"<p>La Cigala i la Formiga van a comprar, \u00e9s una activitat educativa de promoci\u00f3 dels drets i deures de les persones consumidores en la que, a trav\u00e9s del teatre, els contes, el joc i el di\u00e0leg, s\u2019apropa als infants als valors, pr\u00e0ctiques i experi\u00e8ncies inspiradores del consum responsable, de forma &#8230;<\/p>\n","protected":false},"author":1,"featured_media":0,"parent":0,"menu_order":0,"comment_status":"closed","ping_status":"closed","template":"","meta":{"footnotes":""},"class_list":["post-5067","page","type-page","status-publish","hentry","column","threecol"],"_links":{"self":[{"href":"https:\/\/tramacultura.org\/index.php?rest_route=\/wp\/v2\/pages\/5067","targetHints":{"allow":["GET"]}}],"collection":[{"href":"https:\/\/tramacultura.org\/index.php?rest_route=\/wp\/v2\/pages"}],"about":[{"href":"https:\/\/tramacultura.org\/index.php?rest_route=\/wp\/v2\/types\/page"}],"author":[{"embeddable":true,"href":"https:\/\/tramacultura.org\/index.php?rest_route=\/wp\/v2\/users\/1"}],"replies":[{"embeddable":true,"href":"https:\/\/tramacultura.org\/index.php?rest_route=%2Fwp%2Fv2%2Fcomments&post=5067"}],"version-history":[{"count":20,"href":"https:\/\/tramacultura.org\/index.php?rest_route=\/wp\/v2\/pages\/5067\/revisions"}],"predecessor-version":[{"id":6001,"href":"https:\/\/tramacultura.org\/index.php?rest_route=\/wp\/v2\/pages\/5067\/revisions\/6001"}],"wp:attachment":[{"href":"https:\/\/tramacultura.org\/index.php?rest_route=%2Fwp%2Fv2%2Fmedia&parent=5067"}],"curies":[{"name":"wp","href":"https:\/\/api.w.org\/{rel}","templated":true}]}}